{"id":10825,"date":"2020-08-26T10:17:34","date_gmt":"2020-08-26T10:17:34","guid":{"rendered":"https:\/\/ataa.kuarkz.com\/blog-listing\/"},"modified":"2020-08-26T10:17:34","modified_gmt":"2020-08-26T10:17:34","slug":"blog-listing","status":"publish","type":"page","link":"https:\/\/ataarelief.org\/tr\/blog-listing\/","title":{"rendered":"Blog Listing"},"content":{"rendered":"\t\t<div data-elementor-type=\"wp-page\" data-elementor-id=\"10825\" class=\"elementor elementor-10825\" data-elementor-post-type=\"page\">\n\t\t\t\t\t\t<section class=\"elementor-section elementor-top-section elementor-element elementor-element-9c2e2af elementor-section-boxed elementor-section-height-default elementor-section-height-default\" data-id=\"9c2e2af\" data-element_type=\"section\">\n\t\t\t\t\t\t<div class=\"elementor-container elementor-column-gap-default\">\n\t\t\t\t\t<div class=\"elementor-column elementor-col-100 elementor-top-column elementor-element elementor-element-41262a4\" data-id=\"41262a4\" data-element_type=\"column\">\n\t\t\t<div class=\"elementor-widget-wrap elementor-element-populated\">\n\t\t\t\t\t\t<div class=\"elementor-element elementor-element-1313779 nav-left elementor-widget elementor-widget-wgl-blog\" data-id=\"1313779\" data-element_type=\"widget\" data-settings=\"{&quot;blog_columns&quot;:&quot;12&quot;}\" data-widget_type=\"wgl-blog.default\">\n\t\t\t\t<div class=\"elementor-widget-container\">\n\t\t\t<section class=\"wgl_cpt_section\"><div class=\"blog-posts\"><div class=\"container-grid row blog_columns-1 grid blog-style-standard\"><div class=\"wgl_col-12 item\"><div class=\"blog-post format-standard format-no_featured\"><div class=\"blog-post_wrapper\"><div class=\"blog-post_content\"><span class=\"post_categories\"><span><a href=\"https:\/\/ataarelief.org\/tr\/category\/news-tr\/\">Haberler<\/a><\/span><\/span><div class=\"meta-data\"><span class=\"post_date\">28 Kas\u0131m 2025<\/span><\/div><h3 class=\"blog-post_title\"><a href=\"https:\/\/ataarelief.org\/tr\/genel-kurul-toplanti-ilani\/\">GENEL KURUL TOPLANTI \u0130LANI<\/a><\/h3><div class=\"blog-post_text\">GENEL KURUL TOPLANTI \u0130LANI\nDernek t\u00fcz\u00fc\u011f\u00fcm\u00fcz\u00fcn 7.maddesi ve y\u00f6netim kurulumuzun 2025\/075 No\u2019lu karar\u0131 gere\u011fince, Ola\u011fan Genel Kurul Toplant\u0131m\u0131z 14 Aral\u0131k 2025 tarihinde...<\/div><\/div><div class=\"blog-post_meta-wrap\"><div class=\"meta-data\"><span class=\"post_author\">By <a href=\"https:\/\/ataarelief.org\/tr\/author\/nour-alkilaniataarelief-org\/\">Nur<\/a><\/span><span class=\"comments_post\"><a href=\"https:\/\/ataarelief.org\/tr\/genel-kurul-toplanti-ilani\/#respond\" title=\"Leave a reply\">0 Comments<\/a><\/span><\/div><div class=\"meta-info\"><div class=\"share_post-container\"><a href=\"#\"><\/a><div class=\"share_social-wpapper\"><ul><li><a class=\"share_post share_telegram\" target=\"_blank\" href=\"https:\/\/telegram.me\/share\/url?url=URL&#038;text=GENEL%20KURUL%20TOPLANTI%20\u0130LANI&#038;url=https:\/\/ataarelief.org\/tr\/genel-kurul-toplanti-ilani\/\"><span class=\"fab fa-telegram-plane\"><\/span><\/a><\/li><li><a class=\"share_post share_whatsapp\" target=\"_blank\" href=\"https:\/\/wa.me\/?text=https:\/\/ataarelief.org\/tr\/genel-kurul-toplanti-ilani\/%20-%20GENEL%20KURUL%20TOPLANTI%20\u0130LANI\"><span class=\"fab fa-whatsapp\"><\/span><\/a><\/li><li><a class=\"share_post share_twitter\" target=\"_blank\" href=\"https:\/\/twitter.com\/intent\/tweet?text=GENEL%20KURUL%20TOPLANTI%20\u0130LANI&#038;url=https:\/\/ataarelief.org\/tr\/genel-kurul-toplanti-ilani\/\"><span class=\"fab fa-twitter\"><\/span><\/a><\/li><li><a class=\"share_post share_facebook\" target=\"_blank\" href=\"https:\/\/www.facebook.com\/share.php?u=https:\/\/ataarelief.org\/tr\/genel-kurul-toplanti-ilani\/\"><span class=\"fab fa-facebook-f\"><\/span><\/a><\/li><li><a class=\"share_post share_linkedin\" target=\"_blank\" href=\"http:\/\/www.linkedin.com\/shareArticle?mini=true&#038;url=https%3A%2F%2Fataarelief.org%2Ftr%2Fgenel-kurul-toplanti-ilani%2F&title=GENEL+KURUL+TOPLANTI+%C4%B0LANI\"><span class=\"fab fa-linkedin-in fa-linkedin\"><\/span><\/a><\/li><\/ul><\/div><\/div><\/div><\/div><\/div><\/div><\/div><div class=\"wgl_col-12 item\"><div class=\"blog-post format-standard-image\"><div class=\"blog-post_wrapper\"><div class=\"blog-post_media\"><div class=\"blog-post_media_part\"><a href=\"https:\/\/ataarelief.org\/tr\/annual-report-2024\/\" class=\"media-link image-overlay\"><img decoding=\"async\" src=\"https:\/\/ataarelief.org\/wp-content\/uploads\/2026\/02\/PSD_08-copy-3-TR-scaled-1170x725.avif\" class=\" blog-img blog-img\" alt=\"PSD_08 copy 3 TR\"><\/a><\/div><span class=\"post_categories\"><span><a href=\"https:\/\/ataarelief.org\/tr\/category\/reports-tr\/\">Raporlar<\/a><\/span><span><a href=\"https:\/\/ataarelief.org\/tr\/category\/uncategorized-tr\/\">Uncategorized<\/a><\/span><\/span><\/div><div class=\"blog-post_content\"><div class=\"meta-data\"><span class=\"post_date\">9 Nisan 2025<\/span><\/div><h3 class=\"blog-post_title\"><a href=\"https:\/\/ataarelief.org\/tr\/annual-report-2024\/\">2024 Y\u0131ll\u0131k Rapor<\/a><\/h3><div class=\"blog-post_text\">Raporu \u0130ndir\n\t\t\t\t\t\n\t\t\t\n\t\t\t\t\t\t\nAtaa\u2026 S\u00fcrd\u00fcr\u00fclebilir \u0130yile\u015fmeye Do\u011fru\n\n2024 Y\u0131ll\u0131k Raporu, Suriye\u2019deki insani ihtiya\u00e7lar\u0131n mevcut durumuna ve artan ihtiya\u00e7lar ile s\u0131n\u0131rl\u0131...<\/div><\/div><div class=\"blog-post_meta-wrap\"><div class=\"meta-data\"><span class=\"post_author\">By <a href=\"https:\/\/ataarelief.org\/tr\/author\/osama\/\">osama<\/a><\/span><span class=\"comments_post\"><a href=\"https:\/\/ataarelief.org\/tr\/annual-report-2024\/#respond\" title=\"Leave a reply\">0 Comments<\/a><\/span><\/div><div class=\"meta-info\"><div class=\"share_post-container\"><a href=\"#\"><\/a><div class=\"share_social-wpapper\"><ul><li><a class=\"share_post share_telegram\" target=\"_blank\" href=\"https:\/\/telegram.me\/share\/url?url=URL&#038;text=2024%20Y\u0131ll\u0131k%20Rapor&#038;url=https:\/\/ataarelief.org\/tr\/annual-report-2024\/\"><span class=\"fab fa-telegram-plane\"><\/span><\/a><\/li><li><a class=\"share_post share_whatsapp\" target=\"_blank\" href=\"https:\/\/wa.me\/?text=https:\/\/ataarelief.org\/tr\/annual-report-2024\/%20-%202024%20Y\u0131ll\u0131k%20Rapor\"><span class=\"fab fa-whatsapp\"><\/span><\/a><\/li><li><a class=\"share_post share_twitter\" target=\"_blank\" href=\"https:\/\/twitter.com\/intent\/tweet?text=2024%20Y\u0131ll\u0131k%20Rapor&#038;url=https:\/\/ataarelief.org\/tr\/annual-report-2024\/\"><span class=\"fab fa-twitter\"><\/span><\/a><\/li><li><a class=\"share_post share_facebook\" target=\"_blank\" href=\"https:\/\/www.facebook.com\/share.php?u=https:\/\/ataarelief.org\/tr\/annual-report-2024\/\"><span class=\"fab fa-facebook-f\"><\/span><\/a><\/li><li><a class=\"share_post share_linkedin\" target=\"_blank\" href=\"http:\/\/www.linkedin.com\/shareArticle?mini=true&#038;url=https%3A%2F%2Fataarelief.org%2Ftr%2Fannual-report-2024%2F&title=2024+Y%C4%B1ll%C4%B1k+Rapor\"><span class=\"fab fa-linkedin-in fa-linkedin\"><\/span><\/a><\/li><\/ul><\/div><\/div><\/div><\/div><\/div><\/div><\/div><div class=\"wgl_col-12 item\"><div class=\"blog-post format-standard-image\"><div class=\"blog-post_wrapper\"><div class=\"blog-post_media\"><div class=\"blog-post_media_part\"><a href=\"https:\/\/ataarelief.org\/tr\/annual-report-2023\/\" class=\"media-link image-overlay\"><img decoding=\"async\" src=\"https:\/\/ataarelief.org\/wp-content\/uploads\/2024\/05\/12-en-1-png-1170x725.avif\" class=\" blog-img blog-img blog-img\" alt=\"12-en-1.png\"><\/a><\/div><span class=\"post_categories\"><span><a href=\"https:\/\/ataarelief.org\/en\/category\/reports-en\/\">Reports<\/a><\/span><span><a href=\"https:\/\/ataarelief.org\/tr\/category\/uncategorized-tr\/\">Uncategorized<\/a><\/span><\/span><\/div><div class=\"blog-post_content\"><div class=\"meta-data\"><span class=\"post_date\">25 Nisan 2024<\/span><\/div><h3 class=\"blog-post_title\"><a href=\"https:\/\/ataarelief.org\/tr\/annual-report-2023\/\">2023 Y\u0131l\u0131 Faaliyet B\u00fclteni ATAA Derne\u011fi<\/a><\/h3><div class=\"blog-post_text\">\u0627\u0644\u0639\u0631\u0628\u064a\u0629\n\t\t\t\n\n\t\t\t\t\n                    English\n\t\t\t\n\n\t\t\t\t\n                    T\u00fcrk\u00e7e\n\t\t\t\n\n\t\t\tTwitterFacebook-fYoutubeInstagramLinkedin\n\t\t\t\t\t\n\n\nAna Sayfa\nbizimle ilgili...<\/div><\/div><div class=\"blog-post_meta-wrap\"><div class=\"meta-data\"><span class=\"post_author\">By <a href=\"https:\/\/ataarelief.org\/tr\/author\/osama\/\">osama<\/a><\/span><span class=\"comments_post\"><a href=\"https:\/\/ataarelief.org\/tr\/annual-report-2023\/#respond\" title=\"Leave a reply\">0 Comments<\/a><\/span><\/div><div class=\"meta-info\"><div class=\"share_post-container\"><a href=\"#\"><\/a><div class=\"share_social-wpapper\"><ul><li><a class=\"share_post share_telegram\" target=\"_blank\" href=\"https:\/\/telegram.me\/share\/url?url=URL&#038;text=2023%20Y\u0131l\u0131%20Faaliyet%20B\u00fclteni%20ATAA%20Derne\u011fi&#038;url=https:\/\/ataarelief.org\/tr\/annual-report-2023\/\"><span class=\"fab fa-telegram-plane\"><\/span><\/a><\/li><li><a class=\"share_post share_whatsapp\" target=\"_blank\" href=\"https:\/\/wa.me\/?text=https:\/\/ataarelief.org\/tr\/annual-report-2023\/%20-%202023%20Y\u0131l\u0131%20Faaliyet%20B\u00fclteni%20ATAA%20Derne\u011fi\"><span class=\"fab fa-whatsapp\"><\/span><\/a><\/li><li><a class=\"share_post share_twitter\" target=\"_blank\" href=\"https:\/\/twitter.com\/intent\/tweet?text=2023%20Y\u0131l\u0131%20Faaliyet%20B\u00fclteni%20ATAA%20Derne\u011fi&#038;url=https:\/\/ataarelief.org\/tr\/annual-report-2023\/\"><span class=\"fab fa-twitter\"><\/span><\/a><\/li><li><a class=\"share_post share_facebook\" target=\"_blank\" href=\"https:\/\/www.facebook.com\/share.php?u=https:\/\/ataarelief.org\/tr\/annual-report-2023\/\"><span class=\"fab fa-facebook-f\"><\/span><\/a><\/li><li><a class=\"share_post share_linkedin\" target=\"_blank\" href=\"http:\/\/www.linkedin.com\/shareArticle?mini=true&#038;url=https%3A%2F%2Fataarelief.org%2Ftr%2Fannual-report-2023%2F&title=2023+Y%C4%B1l%C4%B1+Faaliyet+B%C3%BClteni+ATAA+Derne%C4%9Fi\"><span class=\"fab fa-linkedin-in fa-linkedin\"><\/span><\/a><\/li><\/ul><\/div><\/div><\/div><\/div><\/div><\/div><\/div><div class=\"wgl_col-12 item\"><div class=\"blog-post format-standard-image\"><div class=\"blog-post_wrapper\"><div class=\"blog-post_media\"><div class=\"blog-post_media_part\"><a href=\"https:\/\/ataarelief.org\/tr\/tr-03-2911-2-2\/\" class=\"media-link image-overlay\"><img decoding=\"async\" src=\"https:\/\/ataarelief.org\/wp-content\/uploads\/2024\/01\/\u0641\u0631\u0635\u0629-\u0648\u0638\u064a\u0641\u064a\u0629-EN-\u0627\u0644\u0645\u0648\u0642\u0639-png-1170x725.avif\" class=\" blog-img blog-img blog-img blog-img\" alt=\"Program Officer \u2013 Protection\"><\/a><\/div><span class=\"post_categories\"><span><a href=\"https:\/\/ataarelief.org\/tr\/category\/jobs-tr\/\">\u00c7al\u0131\u015fma<\/a><\/span><\/span><\/div><div class=\"blog-post_content\"><div class=\"meta-data\"><span class=\"post_date\">16 \u015eubat 2024<\/span><\/div><h3 class=\"blog-post_title\"><a href=\"https:\/\/ataarelief.org\/tr\/tr-03-2911-2-2\/\">Employment Ad | Program Coordinator \u2013 Education Program<\/a><\/h3><div class=\"blog-post_text\">The Program Coord\u0131nator oversees project implementation, ensuring alignment with community needs and donor requirements.<\/div><\/div><div class=\"blog-post_meta-wrap\"><div class=\"meta-data\"><span class=\"post_author\">By <a href=\"https:\/\/ataarelief.org\/tr\/author\/muhammed-kernibo\/\">muhammed.kernibo<\/a><\/span><span class=\"comments_post\"><a href=\"https:\/\/ataarelief.org\/tr\/tr-03-2911-2-2\/#respond\" title=\"Leave a reply\">0 Comments<\/a><\/span><\/div><div class=\"meta-info\"><div class=\"share_post-container\"><a href=\"#\"><\/a><div class=\"share_social-wpapper\"><ul><li><a class=\"share_post share_telegram\" target=\"_blank\" href=\"https:\/\/telegram.me\/share\/url?url=URL&#038;text=Employment%20Ad%20|%20Program%20Coordinator%20\u2013%20Education%20Program&#038;url=https:\/\/ataarelief.org\/tr\/tr-03-2911-2-2\/\"><span class=\"fab fa-telegram-plane\"><\/span><\/a><\/li><li><a class=\"share_post share_whatsapp\" target=\"_blank\" href=\"https:\/\/wa.me\/?text=https:\/\/ataarelief.org\/tr\/tr-03-2911-2-2\/%20-%20Employment%20Ad%20|%20Program%20Coordinator%20\u2013%20Education%20Program\"><span class=\"fab fa-whatsapp\"><\/span><\/a><\/li><li><a class=\"share_post share_twitter\" target=\"_blank\" href=\"https:\/\/twitter.com\/intent\/tweet?text=Employment%20Ad%20|%20Program%20Coordinator%20\u2013%20Education%20Program&#038;url=https:\/\/ataarelief.org\/tr\/tr-03-2911-2-2\/\"><span class=\"fab fa-twitter\"><\/span><\/a><\/li><li><a class=\"share_post share_facebook\" target=\"_blank\" href=\"https:\/\/www.facebook.com\/share.php?u=https:\/\/ataarelief.org\/tr\/tr-03-2911-2-2\/\"><span class=\"fab fa-facebook-f\"><\/span><\/a><\/li><li><a class=\"share_post share_linkedin\" target=\"_blank\" href=\"http:\/\/www.linkedin.com\/shareArticle?mini=true&#038;url=https%3A%2F%2Fataarelief.org%2Ftr%2Ftr-03-2911-2-2%2F&title=Employment+Ad+%7C+Program+Coordinator+%E2%80%93+Education+Program\"><span class=\"fab fa-linkedin-in fa-linkedin\"><\/span><\/a><\/li><\/ul><\/div><\/div><\/div><\/div><\/div><\/div><\/div><div class=\"wgl_col-12 item\"><div class=\"blog-post format-standard-image\"><div class=\"blog-post_wrapper\"><div class=\"blog-post_media\"><div class=\"blog-post_media_part\"><a href=\"https:\/\/ataarelief.org\/tr\/tr-03-2911-2\/\" class=\"media-link image-overlay\"><img decoding=\"async\" src=\"https:\/\/ataarelief.org\/wp-content\/uploads\/2024\/01\/\u0641\u0631\u0635\u0629-\u0648\u0638\u064a\u0641\u064a\u0629-EN-\u0627\u0644\u0645\u0648\u0642\u0639-png-1170x725.avif\" class=\" blog-img blog-img blog-img blog-img blog-img\" alt=\"Program Officer \u2013 Protection\"><\/a><\/div><span class=\"post_categories\"><span><a href=\"https:\/\/ataarelief.org\/tr\/category\/jobs-tr\/\">\u00c7al\u0131\u015fma<\/a><\/span><\/span><\/div><div class=\"blog-post_content\"><div class=\"meta-data\"><span class=\"post_date\">16 \u015eubat 2024<\/span><\/div><h3 class=\"blog-post_title\"><a href=\"https:\/\/ataarelief.org\/tr\/tr-03-2911-2\/\">Employment Ad | Program Coordinator \u2013 Education Program<\/a><\/h3><div class=\"blog-post_text\">The Program Coord\u0131nator oversees project implementation, ensuring alignment with community needs and donor requirements.<\/div><\/div><div class=\"blog-post_meta-wrap\"><div class=\"meta-data\"><span class=\"post_author\">By <a href=\"https:\/\/ataarelief.org\/tr\/author\/muhammed-kernibo\/\">muhammed.kernibo<\/a><\/span><span class=\"comments_post\"><a href=\"https:\/\/ataarelief.org\/tr\/tr-03-2911-2\/#respond\" title=\"Leave a reply\">0 Comments<\/a><\/span><\/div><div class=\"meta-info\"><div class=\"share_post-container\"><a href=\"#\"><\/a><div class=\"share_social-wpapper\"><ul><li><a class=\"share_post share_telegram\" target=\"_blank\" href=\"https:\/\/telegram.me\/share\/url?url=URL&#038;text=Employment%20Ad%20|%20Program%20Coordinator%20\u2013%20Education%20Program&#038;url=https:\/\/ataarelief.org\/tr\/tr-03-2911-2\/\"><span class=\"fab fa-telegram-plane\"><\/span><\/a><\/li><li><a class=\"share_post share_whatsapp\" target=\"_blank\" href=\"https:\/\/wa.me\/?text=https:\/\/ataarelief.org\/tr\/tr-03-2911-2\/%20-%20Employment%20Ad%20|%20Program%20Coordinator%20\u2013%20Education%20Program\"><span class=\"fab fa-whatsapp\"><\/span><\/a><\/li><li><a class=\"share_post share_twitter\" target=\"_blank\" href=\"https:\/\/twitter.com\/intent\/tweet?text=Employment%20Ad%20|%20Program%20Coordinator%20\u2013%20Education%20Program&#038;url=https:\/\/ataarelief.org\/tr\/tr-03-2911-2\/\"><span class=\"fab fa-twitter\"><\/span><\/a><\/li><li><a class=\"share_post share_facebook\" target=\"_blank\" href=\"https:\/\/www.facebook.com\/share.php?u=https:\/\/ataarelief.org\/tr\/tr-03-2911-2\/\"><span class=\"fab fa-facebook-f\"><\/span><\/a><\/li><li><a class=\"share_post share_linkedin\" target=\"_blank\" href=\"http:\/\/www.linkedin.com\/shareArticle?mini=true&#038;url=https%3A%2F%2Fataarelief.org%2Ftr%2Ftr-03-2911-2%2F&title=Employment+Ad+%7C+Program+Coordinator+%E2%80%93+Education+Program\"><span class=\"fab fa-linkedin-in fa-linkedin\"><\/span><\/a><\/li><\/ul><\/div><\/div><\/div><\/div><\/div><\/div><\/div><div class=\"wgl_col-12 item\"><div class=\"blog-post format-standard format-no_featured\"><div class=\"blog-post_wrapper\"><div class=\"blog-post_content\"><span class=\"post_categories\"><span><a href=\"https:\/\/ataarelief.org\/tr\/category\/uncategorized-tr\/\">Uncategorized<\/a><\/span><\/span><div class=\"meta-data\"><span class=\"post_date\">11 Ekim 2022<\/span><\/div><h3 class=\"blog-post_title\"><a href=\"https:\/\/ataarelief.org\/tr\/2022-ataa-dernegi-kurban-bayrami-calismasini-tamamladi__trashed\/\">Ataa Derne\u011fi 2022 Kurban Bayram\u0131 \u00c7al\u0131\u015fmas\u0131n\u0131 Tamamlad\u0131<\/a><\/h3><div class=\"blog-post_text\">Ataa \u0130nsani Yard\u0131mla\u015fma Derne\u011fi 2022 Y\u0131l\u0131 Kurban \u00c7al\u0131\u015fmas\u0131n\u0131 ba\u015far\u0131l\u0131 bir \u015fekilde tamamlad\u0131. \u00c7al\u0131\u015fma T\u00fcrkiye\u2019de Hatay ve \u015eanl\u0131urfa\u2019da Suriye\u2019de ise kuzey b\u00f6lgelerde...<\/div><\/div><div class=\"blog-post_meta-wrap\"><div class=\"meta-data\"><span class=\"post_author\">By <a href=\"https:\/\/ataarelief.org\/tr\/author\/\"><\/a><\/span><span class=\"comments_post\"><a href=\"https:\/\/ataarelief.org\/tr\/2022-ataa-dernegi-kurban-bayrami-calismasini-tamamladi__trashed\/#respond\" title=\"Leave a reply\">0 Comments<\/a><\/span><\/div><div class=\"meta-info\"><div class=\"share_post-container\"><a href=\"#\"><\/a><div class=\"share_social-wpapper\"><ul><li><a class=\"share_post share_telegram\" target=\"_blank\" href=\"https:\/\/telegram.me\/share\/url?url=URL&#038;text=Ataa%20Derne\u011fi%202022%20Kurban%20Bayram\u0131%20\u00c7al\u0131\u015fmas\u0131n\u0131%20Tamamlad\u0131&#038;url=https:\/\/ataarelief.org\/tr\/2022-ataa-dernegi-kurban-bayrami-calismasini-tamamladi__trashed\/\"><span class=\"fab fa-telegram-plane\"><\/span><\/a><\/li><li><a class=\"share_post share_whatsapp\" target=\"_blank\" href=\"https:\/\/wa.me\/?text=https:\/\/ataarelief.org\/tr\/2022-ataa-dernegi-kurban-bayrami-calismasini-tamamladi__trashed\/%20-%20Ataa%20Derne\u011fi%202022%20Kurban%20Bayram\u0131%20\u00c7al\u0131\u015fmas\u0131n\u0131%20Tamamlad\u0131\"><span class=\"fab fa-whatsapp\"><\/span><\/a><\/li><li><a class=\"share_post share_twitter\" target=\"_blank\" href=\"https:\/\/twitter.com\/intent\/tweet?text=Ataa%20Derne\u011fi%202022%20Kurban%20Bayram\u0131%20\u00c7al\u0131\u015fmas\u0131n\u0131%20Tamamlad\u0131&#038;url=https:\/\/ataarelief.org\/tr\/2022-ataa-dernegi-kurban-bayrami-calismasini-tamamladi__trashed\/\"><span class=\"fab fa-twitter\"><\/span><\/a><\/li><li><a class=\"share_post share_facebook\" target=\"_blank\" href=\"https:\/\/www.facebook.com\/share.php?u=https:\/\/ataarelief.org\/tr\/2022-ataa-dernegi-kurban-bayrami-calismasini-tamamladi__trashed\/\"><span class=\"fab fa-facebook-f\"><\/span><\/a><\/li><li><a class=\"share_post share_linkedin\" target=\"_blank\" href=\"http:\/\/www.linkedin.com\/shareArticle?mini=true&#038;url=https%3A%2F%2Fataarelief.org%2Ftr%2F2022-ataa-dernegi-kurban-bayrami-calismasini-tamamladi__trashed%2F&title=Ataa+Derne%C4%9Fi+2022+Kurban+Bayram%C4%B1+%C3%87al%C4%B1%C5%9Fmas%C4%B1n%C4%B1+Tamamlad%C4%B1\"><span class=\"fab fa-linkedin-in fa-linkedin\"><\/span><\/a><\/li><\/ul><\/div><\/div><\/div><\/div><\/div><\/div><\/div><div class=\"wgl_col-12 item\"><div class=\"blog-post format-standard-image\"><div class=\"blog-post_wrapper\"><div class=\"blog-post_media\"><div class=\"blog-post_media_part\"><a href=\"https:\/\/ataarelief.org\/tr\/ihale-no-qc-edu_wash_snfi-con-21-01-t002\/\" class=\"media-link image-overlay\"><img decoding=\"async\" src=\"https:\/\/ataarelief.org\/wp-content\/uploads\/2021\/06\/\u0645\u0646\u0627\u0642\u0635\u0629-png-1170x725.avif\" class=\" blog-img blog-img blog-img blog-img blog-img blog-img blog-img\" alt=\"\u0645\u0646\u0627\u0642\u0635\u0629\"><\/a><\/div><span class=\"post_categories\"><span><a href=\"https:\/\/ataarelief.org\/tr\/category\/tenders-tr\/\">\u0130haleler<\/a><\/span><\/span><\/div><div class=\"blog-post_content\"><div class=\"meta-data\"><span class=\"post_date\">23 A\u011fustos 2021<\/span><\/div><h3 class=\"blog-post_title\"><a href=\"https:\/\/ataarelief.org\/tr\/ihale-no-qc-edu_wash_snfi-con-21-01-t002\/\">\u0130hale No: QC-EDU_WASH_SNFI-CON-21-01-T002<\/a><\/h3><div class=\"blog-post_text\">ATAA \u0130nsani Yard\u0131mla\u015fma Derne\u011fi, insani yard\u0131m kurulu\u015flar\u0131 ile \u00e7al\u0131\u015fma deneyimi olan m\u00fcteahhitleri, gerekli teknik \u015fartnameye uygun olarak Suriye&#8217;nin...<\/div><\/div><div class=\"blog-post_meta-wrap\"><div class=\"meta-data\"><span class=\"post_author\">By <a href=\"https:\/\/ataarelief.org\/tr\/author\/muhammed-kernibo\/\">muhammed.kernibo<\/a><\/span><span class=\"comments_post\"><a href=\"https:\/\/ataarelief.org\/tr\/ihale-no-qc-edu_wash_snfi-con-21-01-t002\/#respond\" title=\"Leave a reply\">0 Comments<\/a><\/span><\/div><div class=\"meta-info\"><div class=\"share_post-container\"><a href=\"#\"><\/a><div class=\"share_social-wpapper\"><ul><li><a class=\"share_post share_telegram\" target=\"_blank\" href=\"https:\/\/telegram.me\/share\/url?url=URL&#038;text=\u0130hale%20No:%20QC-EDU_WASH_SNFI-CON-21-01-T002&#038;url=https:\/\/ataarelief.org\/tr\/ihale-no-qc-edu_wash_snfi-con-21-01-t002\/\"><span class=\"fab fa-telegram-plane\"><\/span><\/a><\/li><li><a class=\"share_post share_whatsapp\" target=\"_blank\" href=\"https:\/\/wa.me\/?text=https:\/\/ataarelief.org\/tr\/ihale-no-qc-edu_wash_snfi-con-21-01-t002\/%20-%20\u0130hale%20No:%20QC-EDU_WASH_SNFI-CON-21-01-T002\"><span class=\"fab fa-whatsapp\"><\/span><\/a><\/li><li><a class=\"share_post share_twitter\" target=\"_blank\" href=\"https:\/\/twitter.com\/intent\/tweet?text=\u0130hale%20No:%20QC-EDU_WASH_SNFI-CON-21-01-T002&#038;url=https:\/\/ataarelief.org\/tr\/ihale-no-qc-edu_wash_snfi-con-21-01-t002\/\"><span class=\"fab fa-twitter\"><\/span><\/a><\/li><li><a class=\"share_post share_facebook\" target=\"_blank\" href=\"https:\/\/www.facebook.com\/share.php?u=https:\/\/ataarelief.org\/tr\/ihale-no-qc-edu_wash_snfi-con-21-01-t002\/\"><span class=\"fab fa-facebook-f\"><\/span><\/a><\/li><li><a class=\"share_post share_linkedin\" target=\"_blank\" href=\"http:\/\/www.linkedin.com\/shareArticle?mini=true&#038;url=https%3A%2F%2Fataarelief.org%2Ftr%2Fihale-no-qc-edu_wash_snfi-con-21-01-t002%2F&title=%C4%B0hale+No%3A+QC-EDU_WASH_SNFI-CON-21-01-T002\"><span class=\"fab fa-linkedin-in fa-linkedin\"><\/span><\/a><\/li><\/ul><\/div><\/div><\/div><\/div><\/div><\/div><\/div><\/div><\/div><ul class=\"wgl-pagination\"><li class='page'><span aria-current=\"page\" class=\"page-numbers current\">1<\/span><\/li><li class='page'><a class=\"page-numbers\" href=\"https:\/\/ataarelief.org\/tr\/wp-json\/wp\/v2\/pages\/10825\/page\/2\/\">2<\/a><\/li><li class='page'><a class=\"page-numbers\" href=\"https:\/\/ataarelief.org\/tr\/wp-json\/wp\/v2\/pages\/10825\/page\/3\/\">3<\/a><\/li><li class='page'><span class=\"page-numbers dots\">&hellip;<\/span><\/li><li class='page'><a class=\"page-numbers\" href=\"https:\/\/ataarelief.org\/tr\/wp-json\/wp\/v2\/pages\/10825\/page\/18\/\">18<\/a><\/li><li class='page'><a class=\"next page-numbers\" href=\"https:\/\/ataarelief.org\/tr\/wp-json\/wp\/v2\/pages\/10825\/page\/2\/\"><i class=\"flaticon-right-arrow-1\"><\/i><\/a><\/li><\/ul><\/section>\t\t<\/div>\n\t\t\t\t<\/div>\n\t\t\t\t\t<\/div>\n\t\t<\/div>\n\t\t\t\t\t<\/div>\n\t\t<\/section>\n\t\t\t\t<\/div>\n\t\t","protected":false},"excerpt":{"rendered":"<p>DONATIONSeptember 10, 2020 Take Your Online Donation to the Next Level! Tellus mauris a diam maecenas sed enim ut sem. Viverra accumsan in nisl nisi scelerisque eu ultrices vitae. Pellentesque eu tincidunt tortor aliquam.By developers2 Comments FOOD AND WATERSeptember 10, 2020 Giving Voice To The Voiceless Diam maecenas sed enim ut sem. Aliquet enim tortor [&hellip;]<\/p>\n","protected":false},"author":8,"featured_media":0,"parent":0,"menu_order":0,"comment_status":"closed","ping_status":"closed","template":"","meta":{"footnotes":""},"class_list":["post-10825","page","type-page","status-publish","hentry"],"yoast_head":"<!-- This site is optimized with the Yoast SEO Premium plugin v26.1 (Yoast SEO v27.5) - https:\/\/yoast.com\/product\/yoast-seo-premium-wordpress\/ -->\n<title>- Blog Listing<\/title>\n<meta name=\"robots\" content=\"index, follow, max-snippet:-1, max-image-preview:large, max-video-preview:-1\" \/>\n<link rel=\"canonical\" href=\"https:\/\/ataarelief.org\/tr\/blog-listing\/\" \/>\n<meta property=\"og:locale\" content=\"tr_TR\" \/>\n<meta property=\"og:type\" content=\"article\" \/>\n<meta property=\"og:title\" content=\"Blog Listing\" \/>\n<meta property=\"og:description\" content=\"DONATIONSeptember 10, 2020 Take Your Online Donation to the Next Level! Tellus mauris a diam maecenas sed enim ut sem. Viverra accumsan in nisl nisi scelerisque eu ultrices vitae. Pellentesque eu tincidunt tortor aliquam.By developers2 Comments FOOD AND WATERSeptember 10, 2020 Giving Voice To The Voiceless Diam maecenas sed enim ut sem. Aliquet enim tortor [&hellip;]\" \/>\n<meta property=\"og:url\" content=\"https:\/\/ataarelief.org\/tr\/blog-listing\/\" \/>\n<meta property=\"og:site_name\" content=\"ATAA RELIEF\" \/>\n<meta property=\"article:publisher\" content=\"https:\/\/www.facebook.com\/AtaaRelief\" \/>\n<meta property=\"og:image\" content=\"http:\/\/ataa.kuarkz.com\/wp-content\/uploads\/2020\/08\/blog_01-1170x725.jpg\" \/>\n<meta name=\"twitter:card\" content=\"summary_large_image\" \/>\n<meta name=\"twitter:site\" content=\"@AtaaRelief\" \/>\n<meta name=\"twitter:label1\" content=\"Tahmini okuma s\u00fcresi\" \/>\n\t<meta name=\"twitter:data1\" content=\"1 dakika\" \/>\n<script type=\"application\/ld+json\" class=\"yoast-schema-graph\">{\"@context\":\"https:\\\/\\\/schema.org\",\"@graph\":[{\"@type\":\"WebPage\",\"@id\":\"https:\\\/\\\/ataarelief.org\\\/tr\\\/blog-listing\\\/\",\"url\":\"https:\\\/\\\/ataarelief.org\\\/tr\\\/blog-listing\\\/\",\"name\":\"- Blog Listing\",\"isPartOf\":{\"@id\":\"https:\\\/\\\/ataarelief.org\\\/tr\\\/#website\"},\"primaryImageOfPage\":{\"@id\":\"https:\\\/\\\/ataarelief.org\\\/tr\\\/blog-listing\\\/#primaryimage\"},\"image\":{\"@id\":\"https:\\\/\\\/ataarelief.org\\\/tr\\\/blog-listing\\\/#primaryimage\"},\"thumbnailUrl\":\"http:\\\/\\\/ataa.kuarkz.com\\\/wp-content\\\/uploads\\\/2020\\\/08\\\/blog_01-1170x725.jpg\",\"datePublished\":\"2020-08-26T10:17:34+00:00\",\"breadcrumb\":{\"@id\":\"https:\\\/\\\/ataarelief.org\\\/tr\\\/blog-listing\\\/#breadcrumb\"},\"inLanguage\":\"tr\",\"potentialAction\":[{\"@type\":\"ReadAction\",\"target\":[\"https:\\\/\\\/ataarelief.org\\\/tr\\\/blog-listing\\\/\"]}]},{\"@type\":\"ImageObject\",\"inLanguage\":\"tr\",\"@id\":\"https:\\\/\\\/ataarelief.org\\\/tr\\\/blog-listing\\\/#primaryimage\",\"url\":\"http:\\\/\\\/ataa.kuarkz.com\\\/wp-content\\\/uploads\\\/2020\\\/08\\\/blog_01-1170x725.jpg\",\"contentUrl\":\"http:\\\/\\\/ataa.kuarkz.com\\\/wp-content\\\/uploads\\\/2020\\\/08\\\/blog_01-1170x725.jpg\"},{\"@type\":\"BreadcrumbList\",\"@id\":\"https:\\\/\\\/ataarelief.org\\\/tr\\\/blog-listing\\\/#breadcrumb\",\"itemListElement\":[{\"@type\":\"ListItem\",\"position\":1,\"name\":\"Home\",\"item\":\"https:\\\/\\\/ataarelief.org\\\/tr\\\/\"},{\"@type\":\"ListItem\",\"position\":2,\"name\":\"Blog Listing\"}]},{\"@type\":\"WebSite\",\"@id\":\"https:\\\/\\\/ataarelief.org\\\/tr\\\/#website\",\"url\":\"https:\\\/\\\/ataarelief.org\\\/tr\\\/\",\"name\":\"Ataa Relief\",\"description\":\"\",\"publisher\":{\"@id\":\"https:\\\/\\\/ataarelief.org\\\/tr\\\/#organization\"},\"alternateName\":\"Ataa\",\"potentialAction\":[{\"@type\":\"SearchAction\",\"target\":{\"@type\":\"EntryPoint\",\"urlTemplate\":\"https:\\\/\\\/ataarelief.org\\\/tr\\\/?s={search_term_string}\"},\"query-input\":{\"@type\":\"PropertyValueSpecification\",\"valueRequired\":true,\"valueName\":\"search_term_string\"}}],\"inLanguage\":\"tr\"},{\"@type\":\"Organization\",\"@id\":\"https:\\\/\\\/ataarelief.org\\\/tr\\\/#organization\",\"name\":\"Ataa Relief\",\"alternateName\":\"\u062c\u0645\u0639\u064a\u0629 \u0639\u0637\u0627\u0621 \u0644\u0644\u0625\u063a\u0627\u062b\u0629 \u0627\u0644\u0625\u0646\u0633\u0627\u0646\u064a\u0629\",\"url\":\"https:\\\/\\\/ataarelief.org\\\/tr\\\/\",\"logo\":{\"@type\":\"ImageObject\",\"inLanguage\":\"tr\",\"@id\":\"https:\\\/\\\/ataarelief.org\\\/tr\\\/#\\\/schema\\\/logo\\\/image\\\/\",\"url\":\"https:\\\/\\\/ataarelief.org\\\/wp-content\\\/uploads\\\/2020\\\/09\\\/ATAA-logo.svg\",\"contentUrl\":\"https:\\\/\\\/ataarelief.org\\\/wp-content\\\/uploads\\\/2020\\\/09\\\/ATAA-logo.svg\",\"width\":558,\"height\":769,\"caption\":\"Ataa Relief\"},\"image\":{\"@id\":\"https:\\\/\\\/ataarelief.org\\\/tr\\\/#\\\/schema\\\/logo\\\/image\\\/\"},\"sameAs\":[\"https:\\\/\\\/www.facebook.com\\\/AtaaRelief\",\"https:\\\/\\\/x.com\\\/AtaaRelief\",\"https:\\\/\\\/www.instagram.com\\\/ataarelief\\\/\",\"https:\\\/\\\/www.youtube.com\\\/channel\\\/UCiavrRLhS6NbhvyLtRkocuw\",\"https:\\\/\\\/www.linkedin.com\\\/company\\\/ataarelief1\\\/\"],\"description\":\"A non-profit humanitarian organization registered in Turkey. It was established in early 2013 to provide humanitarian relief to the needy and afflicted.\",\"email\":\"info@ataarelief.org\",\"telephone\":\"+902126358904\",\"publishingPrinciples\":\"https:\\\/\\\/ataarelief.org\\\/where-we-work\\\/\",\"ownershipFundingInfo\":\"https:\\\/\\\/ataarelief.org\\\/about-us\\\/\",\"actionableFeedbackPolicy\":\"https:\\\/\\\/ataarelief.org\\\/humanitarian-action-charter\\\/\",\"correctionsPolicy\":\"https:\\\/\\\/ataarelief.org\\\/privacy-policy\\\/\",\"ethicsPolicy\":\"https:\\\/\\\/ataarelief.org\\\/humanitarian-action-charter\\\/\",\"diversityPolicy\":\"https:\\\/\\\/ataarelief.org\\\/terms-of-use\\\/\",\"diversityStaffingReport\":\"https:\\\/\\\/ataarelief.org\\\/join-us\\\/\"}]}<\/script>\n<!-- \/ Yoast SEO Premium plugin. -->","yoast_head_json":{"title":"- Blog Listing","robots":{"index":"index","follow":"follow","max-snippet":"max-snippet:-1","max-image-preview":"max-image-preview:large","max-video-preview":"max-video-preview:-1"},"canonical":"https:\/\/ataarelief.org\/tr\/blog-listing\/","og_locale":"tr_TR","og_type":"article","og_title":"Blog Listing","og_description":"DONATIONSeptember 10, 2020 Take Your Online Donation to the Next Level! Tellus mauris a diam maecenas sed enim ut sem. Viverra accumsan in nisl nisi scelerisque eu ultrices vitae. Pellentesque eu tincidunt tortor aliquam.By developers2 Comments FOOD AND WATERSeptember 10, 2020 Giving Voice To The Voiceless Diam maecenas sed enim ut sem. Aliquet enim tortor [&hellip;]","og_url":"https:\/\/ataarelief.org\/tr\/blog-listing\/","og_site_name":"ATAA RELIEF","article_publisher":"https:\/\/www.facebook.com\/AtaaRelief","og_image":[{"url":"http:\/\/ataa.kuarkz.com\/wp-content\/uploads\/2020\/08\/blog_01-1170x725.jpg","type":"","width":"","height":""}],"twitter_card":"summary_large_image","twitter_site":"@AtaaRelief","twitter_misc":{"Tahmini okuma s\u00fcresi":"1 dakika"},"schema":{"@context":"https:\/\/schema.org","@graph":[{"@type":"WebPage","@id":"https:\/\/ataarelief.org\/tr\/blog-listing\/","url":"https:\/\/ataarelief.org\/tr\/blog-listing\/","name":"- Blog Listing","isPartOf":{"@id":"https:\/\/ataarelief.org\/tr\/#website"},"primaryImageOfPage":{"@id":"https:\/\/ataarelief.org\/tr\/blog-listing\/#primaryimage"},"image":{"@id":"https:\/\/ataarelief.org\/tr\/blog-listing\/#primaryimage"},"thumbnailUrl":"http:\/\/ataa.kuarkz.com\/wp-content\/uploads\/2020\/08\/blog_01-1170x725.jpg","datePublished":"2020-08-26T10:17:34+00:00","breadcrumb":{"@id":"https:\/\/ataarelief.org\/tr\/blog-listing\/#breadcrumb"},"inLanguage":"tr","potentialAction":[{"@type":"ReadAction","target":["https:\/\/ataarelief.org\/tr\/blog-listing\/"]}]},{"@type":"ImageObject","inLanguage":"tr","@id":"https:\/\/ataarelief.org\/tr\/blog-listing\/#primaryimage","url":"http:\/\/ataa.kuarkz.com\/wp-content\/uploads\/2020\/08\/blog_01-1170x725.jpg","contentUrl":"http:\/\/ataa.kuarkz.com\/wp-content\/uploads\/2020\/08\/blog_01-1170x725.jpg"},{"@type":"BreadcrumbList","@id":"https:\/\/ataarelief.org\/tr\/blog-listing\/#breadcrumb","itemListElement":[{"@type":"ListItem","position":1,"name":"Home","item":"https:\/\/ataarelief.org\/tr\/"},{"@type":"ListItem","position":2,"name":"Blog Listing"}]},{"@type":"WebSite","@id":"https:\/\/ataarelief.org\/tr\/#website","url":"https:\/\/ataarelief.org\/tr\/","name":"Ataa Relief","description":"","publisher":{"@id":"https:\/\/ataarelief.org\/tr\/#organization"},"alternateName":"Ataa","potentialAction":[{"@type":"SearchAction","target":{"@type":"EntryPoint","urlTemplate":"https:\/\/ataarelief.org\/tr\/?s={search_term_string}"},"query-input":{"@type":"PropertyValueSpecification","valueRequired":true,"valueName":"search_term_string"}}],"inLanguage":"tr"},{"@type":"Organization","@id":"https:\/\/ataarelief.org\/tr\/#organization","name":"Ataa Relief","alternateName":"\u062c\u0645\u0639\u064a\u0629 \u0639\u0637\u0627\u0621 \u0644\u0644\u0625\u063a\u0627\u062b\u0629 \u0627\u0644\u0625\u0646\u0633\u0627\u0646\u064a\u0629","url":"https:\/\/ataarelief.org\/tr\/","logo":{"@type":"ImageObject","inLanguage":"tr","@id":"https:\/\/ataarelief.org\/tr\/#\/schema\/logo\/image\/","url":"https:\/\/ataarelief.org\/wp-content\/uploads\/2020\/09\/ATAA-logo.svg","contentUrl":"https:\/\/ataarelief.org\/wp-content\/uploads\/2020\/09\/ATAA-logo.svg","width":558,"height":769,"caption":"Ataa Relief"},"image":{"@id":"https:\/\/ataarelief.org\/tr\/#\/schema\/logo\/image\/"},"sameAs":["https:\/\/www.facebook.com\/AtaaRelief","https:\/\/x.com\/AtaaRelief","https:\/\/www.instagram.com\/ataarelief\/","https:\/\/www.youtube.com\/channel\/UCiavrRLhS6NbhvyLtRkocuw","https:\/\/www.linkedin.com\/company\/ataarelief1\/"],"description":"A non-profit humanitarian organization registered in Turkey. It was established in early 2013 to provide humanitarian relief to the needy and afflicted.","email":"info@ataarelief.org","telephone":"+902126358904","publishingPrinciples":"https:\/\/ataarelief.org\/where-we-work\/","ownershipFundingInfo":"https:\/\/ataarelief.org\/about-us\/","actionableFeedbackPolicy":"https:\/\/ataarelief.org\/humanitarian-action-charter\/","correctionsPolicy":"https:\/\/ataarelief.org\/privacy-policy\/","ethicsPolicy":"https:\/\/ataarelief.org\/humanitarian-action-charter\/","diversityPolicy":"https:\/\/ataarelief.org\/terms-of-use\/","diversityStaffingReport":"https:\/\/ataarelief.org\/join-us\/"}]}},"_links":{"self":[{"href":"https:\/\/ataarelief.org\/tr\/wp-json\/wp\/v2\/pages\/10825","targetHints":{"allow":["GET"]}}],"collection":[{"href":"https:\/\/ataarelief.org\/tr\/wp-json\/wp\/v2\/pages"}],"about":[{"href":"https:\/\/ataarelief.org\/tr\/wp-json\/wp\/v2\/types\/page"}],"author":[{"embeddable":true,"href":"https:\/\/ataarelief.org\/tr\/wp-json\/wp\/v2\/users\/8"}],"replies":[{"embeddable":true,"href":"https:\/\/ataarelief.org\/tr\/wp-json\/wp\/v2\/comments?post=10825"}],"version-history":[{"count":0,"href":"https:\/\/ataarelief.org\/tr\/wp-json\/wp\/v2\/pages\/10825\/revisions"}],"wp:attachment":[{"href":"https:\/\/ataarelief.org\/tr\/wp-json\/wp\/v2\/media?parent=10825"}],"curies":[{"name":"wp","href":"https:\/\/api.w.org\/{rel}","templated":true}]}}